{"id":3852,"date":"2015-09-23T06:40:28","date_gmt":"2015-09-23T10:40:28","guid":{"rendered":"http:\/\/lamaisonducinema.com\/en\/movie\/bonte-divine\/"},"modified":"2015-10-14T07:29:01","modified_gmt":"2015-10-14T11:29:01","slug":"bonte-divine","status":"publish","type":"movie","link":"https:\/\/lamaisonducinema.com\/en\/movie\/bonte-divine\/","title":{"rendered":"Bont\u00e9 divine"},"content":{"rendered":"<div id=\"contenu-gauche\">\n<p>Le jeune pr\u00eate Fabijan arrive dans une petite \u00eele croate pour reprendre les r\u00eanes de la paroisse. Pr\u00e9occup\u00e9 par le taux de natalit\u00e9 m\u00e9diocre, il met en oeuvre un plan pour inverser la tendance : en complicit\u00e9 avec le vendeur du kiosque local, Petar, tr\u00e8s religieux, il se met \u00e0 percer tous les pr\u00e9servatifs vendus par ce dernier. A ce plan s&#8217;associe le pharmacien Marin, qui remplace les pilules contraceptives par des vitamines. Tr\u00e8s vite, mariages et naissances se multiplient, un ph\u00e9nom\u00e8ne qui am\u00e8ne vite sur l&#8217;\u00eele une foule de visiteurs \u00e9trangers qui n&#8217;arrivent pas \u00e0 concevoir&#8230;<\/p>\n<\/div>\n<div id=\"contenu-droite\"><\/div>\n","protected":false},"featured_media":0,"comment_status":"closed","ping_status":"closed","template":"","actor":[1798,1799,1800,1801,1802,1803],"class_list":["post-3852","movie","type-movie","status-publish","hentry","genre-comedy-drama","classification-general-en","indication-not-suitable-for-young-children-en","actor-drazen-kuhn-en","actor-jadranka-djokic-en","actor-kresimir-mikic-en","actor-lazar-ristovski-en","actor-marija-skaricic-en","actor-niksa-butijer-en"],"wpcf-titre-original":"","wpcf-realisation":"Vinko Bresan","acteurs":null,"pays":null,"distributeur":"","wpcf-date-de-sortie":"1443139200","wpcf-date-de-sortie-en-texte":"","wpcf-duree-du-film":"93","wpcf-flag-laissez-passer-refuse":false,"wpcf-flag-custom":"","photos":null,"nominations":null,"wpcf-bande-annonce-fr":"ZAZ7fLsT3Yk","wpcf-bande-annonce-en":"","critiques":null,"classification":["General"],"indication":["Not suitable for young children"],"_custom_thumbnail":{"url":null,"top":null,"left":null},"document_pedagogique":null,"dossier_de_presse":null,"acf":[],"yoast_head":"<!-- This site is optimized with the Yoast SEO plugin v27.5 - https:\/\/yoast.com\/product\/yoast-seo-wordpress\/ -->\n<title>Bont\u00e9 divine - La maison du cin\u00e9ma<\/title>\n<meta name=\"robots\" content=\"index, follow, max-snippet:-1, max-image-preview:large, max-video-preview:-1\" \/>\n<link rel=\"canonical\" href=\"https:\/\/lamaisonducinema.com\/en\/movie\/bonte-divine\/\" \/>\n<meta property=\"og:locale\" content=\"en_US\" \/>\n<meta property=\"og:type\" content=\"article\" \/>\n<meta property=\"og:title\" content=\"Bont\u00e9 divine - La maison du cin\u00e9ma\" \/>\n<meta property=\"og:description\" content=\"Le jeune pr\u00eate Fabijan arrive dans une petite \u00eele croate pour reprendre les r\u00eanes de la paroisse. Pr\u00e9occup\u00e9 par le taux de natalit\u00e9 m\u00e9diocre, il met en oeuvre un plan pour inverser la tendance : en complicit\u00e9 avec le vendeur du kiosque local, Petar, tr\u00e8s religieux, il se met \u00e0 percer tous les pr\u00e9servatifs vendus [&hellip;]\" \/>\n<meta property=\"og:url\" content=\"https:\/\/lamaisonducinema.com\/en\/movie\/bonte-divine\/\" \/>\n<meta property=\"og:site_name\" content=\"La maison du cin\u00e9ma\" \/>\n<meta property=\"article:publisher\" content=\"https:\/\/www.facebook.com\/maisonducinema\/\" \/>\n<meta property=\"article:modified_time\" content=\"2015-10-14T11:29:01+00:00\" \/>\n<meta property=\"og:image\" content=\"http:\/\/lamaisonducinema.com\/wp-content\/uploads\/2014\/12\/maisonducinema.jpg\" \/>\n<meta name=\"twitter:label1\" content=\"Est. reading time\" \/>\n\t<meta name=\"twitter:data1\" content=\"1 minute\" \/>\n<script type=\"application\/ld+json\" class=\"yoast-schema-graph\">{\"@context\":\"https:\\\/\\\/schema.org\",\"@graph\":[{\"@type\":\"WebPage\",\"@id\":\"https:\\\/\\\/lamaisonducinema.com\\\/en\\\/movie\\\/bonte-divine\\\/\",\"url\":\"https:\\\/\\\/lamaisonducinema.com\\\/en\\\/movie\\\/bonte-divine\\\/\",\"name\":\"Bont\u00e9 divine - La maison du cin\u00e9ma\",\"isPartOf\":{\"@id\":\"https:\\\/\\\/lamaisonducinema.com\\\/en\\\/#website\"},\"datePublished\":\"2015-09-23T10:40:28+00:00\",\"dateModified\":\"2015-10-14T11:29:01+00:00\",\"breadcrumb\":{\"@id\":\"https:\\\/\\\/lamaisonducinema.com\\\/en\\\/movie\\\/bonte-divine\\\/#breadcrumb\"},\"inLanguage\":\"en-US\",\"potentialAction\":[{\"@type\":\"ReadAction\",\"target\":[\"https:\\\/\\\/lamaisonducinema.com\\\/en\\\/movie\\\/bonte-divine\\\/\"]}]},{\"@type\":\"BreadcrumbList\",\"@id\":\"https:\\\/\\\/lamaisonducinema.com\\\/en\\\/movie\\\/bonte-divine\\\/#breadcrumb\",\"itemListElement\":[{\"@type\":\"ListItem\",\"position\":1,\"name\":\"Accueil\",\"item\":\"https:\\\/\\\/lamaisonducinema.com\\\/en\\\/\"},{\"@type\":\"ListItem\",\"position\":2,\"name\":\"Bont\u00e9 divine\"}]},{\"@type\":\"WebSite\",\"@id\":\"https:\\\/\\\/lamaisonducinema.com\\\/en\\\/#website\",\"url\":\"https:\\\/\\\/lamaisonducinema.com\\\/en\\\/\",\"name\":\"La maison du cin\u00e9ma\",\"description\":\"Cin\u00e9ma au centre-ville de Sherbrooke\",\"publisher\":{\"@id\":\"https:\\\/\\\/lamaisonducinema.com\\\/en\\\/#organization\"},\"potentialAction\":[{\"@type\":\"SearchAction\",\"target\":{\"@type\":\"EntryPoint\",\"urlTemplate\":\"https:\\\/\\\/lamaisonducinema.com\\\/en\\\/?s={search_term_string}\"},\"query-input\":{\"@type\":\"PropertyValueSpecification\",\"valueRequired\":true,\"valueName\":\"search_term_string\"}}],\"inLanguage\":\"en-US\"},{\"@type\":\"Organization\",\"@id\":\"https:\\\/\\\/lamaisonducinema.com\\\/en\\\/#organization\",\"name\":\"La maison du cin\u00e9ma\",\"url\":\"https:\\\/\\\/lamaisonducinema.com\\\/en\\\/\",\"logo\":{\"@type\":\"ImageObject\",\"inLanguage\":\"en-US\",\"@id\":\"https:\\\/\\\/lamaisonducinema.com\\\/en\\\/#\\\/schema\\\/logo\\\/image\\\/\",\"url\":\"https:\\\/\\\/lamaisonducinema.com\\\/wp-content\\\/uploads\\\/logo.png\",\"contentUrl\":\"https:\\\/\\\/lamaisonducinema.com\\\/wp-content\\\/uploads\\\/logo.png\",\"width\":217,\"height\":30,\"caption\":\"La maison du cin\u00e9ma\"},\"image\":{\"@id\":\"https:\\\/\\\/lamaisonducinema.com\\\/en\\\/#\\\/schema\\\/logo\\\/image\\\/\"},\"sameAs\":[\"https:\\\/\\\/www.facebook.com\\\/maisonducinema\\\/\"]}]}<\/script>\n<!-- \/ Yoast SEO plugin. -->","yoast_head_json":{"title":"Bont\u00e9 divine - La maison du cin\u00e9ma","robots":{"index":"index","follow":"follow","max-snippet":"max-snippet:-1","max-image-preview":"max-image-preview:large","max-video-preview":"max-video-preview:-1"},"canonical":"https:\/\/lamaisonducinema.com\/en\/movie\/bonte-divine\/","og_locale":"en_US","og_type":"article","og_title":"Bont\u00e9 divine - La maison du cin\u00e9ma","og_description":"Le jeune pr\u00eate Fabijan arrive dans une petite \u00eele croate pour reprendre les r\u00eanes de la paroisse. Pr\u00e9occup\u00e9 par le taux de natalit\u00e9 m\u00e9diocre, il met en oeuvre un plan pour inverser la tendance : en complicit\u00e9 avec le vendeur du kiosque local, Petar, tr\u00e8s religieux, il se met \u00e0 percer tous les pr\u00e9servatifs vendus [&hellip;]","og_url":"https:\/\/lamaisonducinema.com\/en\/movie\/bonte-divine\/","og_site_name":"La maison du cin\u00e9ma","article_publisher":"https:\/\/www.facebook.com\/maisonducinema\/","article_modified_time":"2015-10-14T11:29:01+00:00","og_image":[{"url":"http:\/\/lamaisonducinema.com\/wp-content\/uploads\/2014\/12\/maisonducinema.jpg","type":"","width":"","height":""}],"twitter_misc":{"Est. reading time":"1 minute"},"schema":{"@context":"https:\/\/schema.org","@graph":[{"@type":"WebPage","@id":"https:\/\/lamaisonducinema.com\/en\/movie\/bonte-divine\/","url":"https:\/\/lamaisonducinema.com\/en\/movie\/bonte-divine\/","name":"Bont\u00e9 divine - La maison du cin\u00e9ma","isPartOf":{"@id":"https:\/\/lamaisonducinema.com\/en\/#website"},"datePublished":"2015-09-23T10:40:28+00:00","dateModified":"2015-10-14T11:29:01+00:00","breadcrumb":{"@id":"https:\/\/lamaisonducinema.com\/en\/movie\/bonte-divine\/#breadcrumb"},"inLanguage":"en-US","potentialAction":[{"@type":"ReadAction","target":["https:\/\/lamaisonducinema.com\/en\/movie\/bonte-divine\/"]}]},{"@type":"BreadcrumbList","@id":"https:\/\/lamaisonducinema.com\/en\/movie\/bonte-divine\/#breadcrumb","itemListElement":[{"@type":"ListItem","position":1,"name":"Accueil","item":"https:\/\/lamaisonducinema.com\/en\/"},{"@type":"ListItem","position":2,"name":"Bont\u00e9 divine"}]},{"@type":"WebSite","@id":"https:\/\/lamaisonducinema.com\/en\/#website","url":"https:\/\/lamaisonducinema.com\/en\/","name":"La maison du cin\u00e9ma","description":"Cin\u00e9ma au centre-ville de Sherbrooke","publisher":{"@id":"https:\/\/lamaisonducinema.com\/en\/#organization"},"potentialAction":[{"@type":"SearchAction","target":{"@type":"EntryPoint","urlTemplate":"https:\/\/lamaisonducinema.com\/en\/?s={search_term_string}"},"query-input":{"@type":"PropertyValueSpecification","valueRequired":true,"valueName":"search_term_string"}}],"inLanguage":"en-US"},{"@type":"Organization","@id":"https:\/\/lamaisonducinema.com\/en\/#organization","name":"La maison du cin\u00e9ma","url":"https:\/\/lamaisonducinema.com\/en\/","logo":{"@type":"ImageObject","inLanguage":"en-US","@id":"https:\/\/lamaisonducinema.com\/en\/#\/schema\/logo\/image\/","url":"https:\/\/lamaisonducinema.com\/wp-content\/uploads\/logo.png","contentUrl":"https:\/\/lamaisonducinema.com\/wp-content\/uploads\/logo.png","width":217,"height":30,"caption":"La maison du cin\u00e9ma"},"image":{"@id":"https:\/\/lamaisonducinema.com\/en\/#\/schema\/logo\/image\/"},"sameAs":["https:\/\/www.facebook.com\/maisonducinema\/"]}]}},"_links":{"self":[{"href":"https:\/\/lamaisonducinema.com\/en\/wp-json\/wp\/v2\/movie\/3852","targetHints":{"allow":["GET"]}}],"collection":[{"href":"https:\/\/lamaisonducinema.com\/en\/wp-json\/wp\/v2\/movie"}],"about":[{"href":"https:\/\/lamaisonducinema.com\/en\/wp-json\/wp\/v2\/types\/movie"}],"replies":[{"embeddable":true,"href":"https:\/\/lamaisonducinema.com\/en\/wp-json\/wp\/v2\/comments?post=3852"}],"wp:attachment":[{"href":"https:\/\/lamaisonducinema.com\/en\/wp-json\/wp\/v2\/media?parent=3852"}],"wp:term":[{"taxonomy":"actor","embeddable":true,"href":"https:\/\/lamaisonducinema.com\/en\/wp-json\/wp\/v2\/actor?post=3852"}],"curies":[{"name":"wp","href":"https:\/\/api.w.org\/{rel}","templated":true}]}}