{"id":13295,"date":"2018-09-18T09:58:58","date_gmt":"2018-09-18T13:58:58","guid":{"rendered":"http:\/\/lamaisonducinema.com\/?post_type=movie&#038;p=13295"},"modified":"2018-09-18T09:58:58","modified_gmt":"2018-09-18T13:58:58","slug":"opera-aida","status":"publish","type":"movie","link":"https:\/\/lamaisonducinema.com\/en\/movie\/opera-aida\/","title":{"rendered":"OPERA &#8211; AIDA"},"content":{"rendered":"<p>Apr\u00e8s plus d\u2019une centaine de repr\u00e9sentations, cette somptueuse production du Wiener Staatsoper sign\u00e9e Nicolas Joel s\u00e9duit toujours, et m\u00eame plus que jamais. Depuis 1984, les plus grandes voix s\u2019y sont c\u00f4toy\u00e9es et cette distribution reconduit cette tradition d\u2019excellence.<\/p>\n<p>Verdi a \u00e9crit l\u2019op\u00e9ra en quatre actes <i>A\u00efda<\/i>, son ant\u00e9p\u00e9nulti\u00e8me pi\u00e8ce de musique th\u00e9\u00e2trale, \u00e0 la demande du kh\u00e9dive d\u2019\u00c9gypte, Ismail Pasha. Il a impr\u00e9gn\u00e9 sa musique d\u2019une couleur locale \u00e9vidente en ins\u00e9rant par intermittence des passages qui, en raison de leur instrumentation et de leur m\u00e9lodie, ont une sonorit\u00e9 exotique. L\u2019histoire tourne autour d\u2019un triangle amoureux, dans lequel deux femmes aiment le m\u00eame homme\u2009: la relativement puissante Amneris et l\u2019esclave A\u00efda aiment toutes deux le capitaine de l\u2019arm\u00e9e, Radam\u00e8s. Un autre th\u00e8me important est\u2009: \u00ab\u2009Est-ce que l\u2019amour pour une autre personne transcende l\u2019amour de la patrie ou les lois qui lient une communaut\u00e9?\u2009\u00bb. Enfin, un troisi\u00e8me th\u00e8me a trait au bonheur personnel d\u00e9truit par le pouvoir implacable des puissants.<\/p>\n","protected":false},"featured_media":13041,"comment_status":"closed","ping_status":"closed","template":"","actor":[],"class_list":["post-13295","movie","type-movie","status-publish","has-post-thumbnail","hentry"],"wpcf-titre-original":"","wpcf-realisation":"","acteurs":"","pays":"","distributeur":"","wpcf-date-de-sortie":"1538265600","wpcf-date-de-sortie-en-texte":"","wpcf-duree-du-film":"195","wpcf-flag-laissez-passer-refuse":false,"wpcf-flag-custom":"","photos":false,"nominations":false,"wpcf-bande-annonce-fr":"ieT5ja3aVvI","wpcf-bande-annonce-en":"","critiques":null,"classification":[],"indication":[],"_custom_thumbnail":{"url":null,"top":null,"left":null},"document_pedagogique":null,"dossier_de_presse":null,"acf":[],"yoast_head":"<!-- This site is optimized with the Yoast SEO plugin v27.5 - https:\/\/yoast.com\/product\/yoast-seo-wordpress\/ -->\n<title>OPERA - AIDA - La maison du cin\u00e9ma<\/title>\n<meta name=\"robots\" content=\"index, follow, max-snippet:-1, max-image-preview:large, max-video-preview:-1\" \/>\n<link rel=\"canonical\" href=\"https:\/\/lamaisonducinema.com\/en\/movie\/opera-aida\/\" \/>\n<meta property=\"og:locale\" content=\"en_US\" \/>\n<meta property=\"og:type\" content=\"article\" \/>\n<meta property=\"og:title\" content=\"OPERA - AIDA - La maison du cin\u00e9ma\" \/>\n<meta property=\"og:description\" content=\"Apr\u00e8s plus d\u2019une centaine de repr\u00e9sentations, cette somptueuse production du Wiener Staatsoper sign\u00e9e Nicolas Joel s\u00e9duit toujours, et m\u00eame plus que jamais. Depuis 1984, les plus grandes voix s\u2019y sont c\u00f4toy\u00e9es et cette distribution reconduit cette tradition d\u2019excellence. Verdi a \u00e9crit l\u2019op\u00e9ra en quatre actes A\u00efda, son ant\u00e9p\u00e9nulti\u00e8me pi\u00e8ce de musique th\u00e9\u00e2trale, \u00e0 la demande [&hellip;]\" \/>\n<meta property=\"og:url\" content=\"https:\/\/lamaisonducinema.com\/en\/movie\/opera-aida\/\" \/>\n<meta property=\"og:site_name\" content=\"La maison du cin\u00e9ma\" \/>\n<meta property=\"article:publisher\" content=\"https:\/\/www.facebook.com\/maisonducinema\/\" \/>\n<meta property=\"og:image\" content=\"https:\/\/lamaisonducinema.com\/wp-content\/uploads\/opera18_aida_banner.jpg\" \/>\n\t<meta property=\"og:image:width\" content=\"1170\" \/>\n\t<meta property=\"og:image:height\" content=\"470\" \/>\n\t<meta property=\"og:image:type\" content=\"image\/jpeg\" \/>\n<meta name=\"twitter:label1\" content=\"Est. reading time\" \/>\n\t<meta name=\"twitter:data1\" content=\"1 minute\" \/>\n<script type=\"application\/ld+json\" class=\"yoast-schema-graph\">{\"@context\":\"https:\\\/\\\/schema.org\",\"@graph\":[{\"@type\":\"WebPage\",\"@id\":\"https:\\\/\\\/lamaisonducinema.com\\\/en\\\/movie\\\/opera-aida\\\/\",\"url\":\"https:\\\/\\\/lamaisonducinema.com\\\/en\\\/movie\\\/opera-aida\\\/\",\"name\":\"OPERA - AIDA - La maison du cin\u00e9ma\",\"isPartOf\":{\"@id\":\"https:\\\/\\\/lamaisonducinema.com\\\/en\\\/#website\"},\"primaryImageOfPage\":{\"@id\":\"https:\\\/\\\/lamaisonducinema.com\\\/en\\\/movie\\\/opera-aida\\\/#primaryimage\"},\"image\":{\"@id\":\"https:\\\/\\\/lamaisonducinema.com\\\/en\\\/movie\\\/opera-aida\\\/#primaryimage\"},\"thumbnailUrl\":\"https:\\\/\\\/lamaisonducinema.com\\\/wp-content\\\/uploads\\\/2025\\\/11\\\/opera18_aida_banner.jpg\",\"datePublished\":\"2018-09-18T13:58:58+00:00\",\"breadcrumb\":{\"@id\":\"https:\\\/\\\/lamaisonducinema.com\\\/en\\\/movie\\\/opera-aida\\\/#breadcrumb\"},\"inLanguage\":\"en-US\",\"potentialAction\":[{\"@type\":\"ReadAction\",\"target\":[\"https:\\\/\\\/lamaisonducinema.com\\\/en\\\/movie\\\/opera-aida\\\/\"]}]},{\"@type\":\"ImageObject\",\"inLanguage\":\"en-US\",\"@id\":\"https:\\\/\\\/lamaisonducinema.com\\\/en\\\/movie\\\/opera-aida\\\/#primaryimage\",\"url\":\"https:\\\/\\\/lamaisonducinema.com\\\/wp-content\\\/uploads\\\/2025\\\/11\\\/opera18_aida_banner.jpg\",\"contentUrl\":\"https:\\\/\\\/lamaisonducinema.com\\\/wp-content\\\/uploads\\\/2025\\\/11\\\/opera18_aida_banner.jpg\",\"width\":1170,\"height\":470},{\"@type\":\"BreadcrumbList\",\"@id\":\"https:\\\/\\\/lamaisonducinema.com\\\/en\\\/movie\\\/opera-aida\\\/#breadcrumb\",\"itemListElement\":[{\"@type\":\"ListItem\",\"position\":1,\"name\":\"Accueil\",\"item\":\"https:\\\/\\\/lamaisonducinema.com\\\/en\\\/\"},{\"@type\":\"ListItem\",\"position\":2,\"name\":\"OPERA &#8211; AIDA\"}]},{\"@type\":\"WebSite\",\"@id\":\"https:\\\/\\\/lamaisonducinema.com\\\/en\\\/#website\",\"url\":\"https:\\\/\\\/lamaisonducinema.com\\\/en\\\/\",\"name\":\"La maison du cin\u00e9ma\",\"description\":\"Cin\u00e9ma au centre-ville de Sherbrooke\",\"publisher\":{\"@id\":\"https:\\\/\\\/lamaisonducinema.com\\\/en\\\/#organization\"},\"potentialAction\":[{\"@type\":\"SearchAction\",\"target\":{\"@type\":\"EntryPoint\",\"urlTemplate\":\"https:\\\/\\\/lamaisonducinema.com\\\/en\\\/?s={search_term_string}\"},\"query-input\":{\"@type\":\"PropertyValueSpecification\",\"valueRequired\":true,\"valueName\":\"search_term_string\"}}],\"inLanguage\":\"en-US\"},{\"@type\":\"Organization\",\"@id\":\"https:\\\/\\\/lamaisonducinema.com\\\/en\\\/#organization\",\"name\":\"La maison du cin\u00e9ma\",\"url\":\"https:\\\/\\\/lamaisonducinema.com\\\/en\\\/\",\"logo\":{\"@type\":\"ImageObject\",\"inLanguage\":\"en-US\",\"@id\":\"https:\\\/\\\/lamaisonducinema.com\\\/en\\\/#\\\/schema\\\/logo\\\/image\\\/\",\"url\":\"https:\\\/\\\/lamaisonducinema.com\\\/wp-content\\\/uploads\\\/logo.png\",\"contentUrl\":\"https:\\\/\\\/lamaisonducinema.com\\\/wp-content\\\/uploads\\\/logo.png\",\"width\":217,\"height\":30,\"caption\":\"La maison du cin\u00e9ma\"},\"image\":{\"@id\":\"https:\\\/\\\/lamaisonducinema.com\\\/en\\\/#\\\/schema\\\/logo\\\/image\\\/\"},\"sameAs\":[\"https:\\\/\\\/www.facebook.com\\\/maisonducinema\\\/\"]}]}<\/script>\n<!-- \/ Yoast SEO plugin. -->","yoast_head_json":{"title":"OPERA - AIDA - La maison du cin\u00e9ma","robots":{"index":"index","follow":"follow","max-snippet":"max-snippet:-1","max-image-preview":"max-image-preview:large","max-video-preview":"max-video-preview:-1"},"canonical":"https:\/\/lamaisonducinema.com\/en\/movie\/opera-aida\/","og_locale":"en_US","og_type":"article","og_title":"OPERA - AIDA - La maison du cin\u00e9ma","og_description":"Apr\u00e8s plus d\u2019une centaine de repr\u00e9sentations, cette somptueuse production du Wiener Staatsoper sign\u00e9e Nicolas Joel s\u00e9duit toujours, et m\u00eame plus que jamais. Depuis 1984, les plus grandes voix s\u2019y sont c\u00f4toy\u00e9es et cette distribution reconduit cette tradition d\u2019excellence. Verdi a \u00e9crit l\u2019op\u00e9ra en quatre actes A\u00efda, son ant\u00e9p\u00e9nulti\u00e8me pi\u00e8ce de musique th\u00e9\u00e2trale, \u00e0 la demande [&hellip;]","og_url":"https:\/\/lamaisonducinema.com\/en\/movie\/opera-aida\/","og_site_name":"La maison du cin\u00e9ma","article_publisher":"https:\/\/www.facebook.com\/maisonducinema\/","og_image":[{"width":1170,"height":470,"url":"https:\/\/lamaisonducinema.com\/wp-content\/uploads\/opera18_aida_banner.jpg","type":"image\/jpeg"}],"twitter_misc":{"Est. reading time":"1 minute"},"schema":{"@context":"https:\/\/schema.org","@graph":[{"@type":"WebPage","@id":"https:\/\/lamaisonducinema.com\/en\/movie\/opera-aida\/","url":"https:\/\/lamaisonducinema.com\/en\/movie\/opera-aida\/","name":"OPERA - AIDA - La maison du cin\u00e9ma","isPartOf":{"@id":"https:\/\/lamaisonducinema.com\/en\/#website"},"primaryImageOfPage":{"@id":"https:\/\/lamaisonducinema.com\/en\/movie\/opera-aida\/#primaryimage"},"image":{"@id":"https:\/\/lamaisonducinema.com\/en\/movie\/opera-aida\/#primaryimage"},"thumbnailUrl":"https:\/\/lamaisonducinema.com\/wp-content\/uploads\/2025\/11\/opera18_aida_banner.jpg","datePublished":"2018-09-18T13:58:58+00:00","breadcrumb":{"@id":"https:\/\/lamaisonducinema.com\/en\/movie\/opera-aida\/#breadcrumb"},"inLanguage":"en-US","potentialAction":[{"@type":"ReadAction","target":["https:\/\/lamaisonducinema.com\/en\/movie\/opera-aida\/"]}]},{"@type":"ImageObject","inLanguage":"en-US","@id":"https:\/\/lamaisonducinema.com\/en\/movie\/opera-aida\/#primaryimage","url":"https:\/\/lamaisonducinema.com\/wp-content\/uploads\/2025\/11\/opera18_aida_banner.jpg","contentUrl":"https:\/\/lamaisonducinema.com\/wp-content\/uploads\/2025\/11\/opera18_aida_banner.jpg","width":1170,"height":470},{"@type":"BreadcrumbList","@id":"https:\/\/lamaisonducinema.com\/en\/movie\/opera-aida\/#breadcrumb","itemListElement":[{"@type":"ListItem","position":1,"name":"Accueil","item":"https:\/\/lamaisonducinema.com\/en\/"},{"@type":"ListItem","position":2,"name":"OPERA &#8211; AIDA"}]},{"@type":"WebSite","@id":"https:\/\/lamaisonducinema.com\/en\/#website","url":"https:\/\/lamaisonducinema.com\/en\/","name":"La maison du cin\u00e9ma","description":"Cin\u00e9ma au centre-ville de Sherbrooke","publisher":{"@id":"https:\/\/lamaisonducinema.com\/en\/#organization"},"potentialAction":[{"@type":"SearchAction","target":{"@type":"EntryPoint","urlTemplate":"https:\/\/lamaisonducinema.com\/en\/?s={search_term_string}"},"query-input":{"@type":"PropertyValueSpecification","valueRequired":true,"valueName":"search_term_string"}}],"inLanguage":"en-US"},{"@type":"Organization","@id":"https:\/\/lamaisonducinema.com\/en\/#organization","name":"La maison du cin\u00e9ma","url":"https:\/\/lamaisonducinema.com\/en\/","logo":{"@type":"ImageObject","inLanguage":"en-US","@id":"https:\/\/lamaisonducinema.com\/en\/#\/schema\/logo\/image\/","url":"https:\/\/lamaisonducinema.com\/wp-content\/uploads\/logo.png","contentUrl":"https:\/\/lamaisonducinema.com\/wp-content\/uploads\/logo.png","width":217,"height":30,"caption":"La maison du cin\u00e9ma"},"image":{"@id":"https:\/\/lamaisonducinema.com\/en\/#\/schema\/logo\/image\/"},"sameAs":["https:\/\/www.facebook.com\/maisonducinema\/"]}]}},"_links":{"self":[{"href":"https:\/\/lamaisonducinema.com\/en\/wp-json\/wp\/v2\/movie\/13295","targetHints":{"allow":["GET"]}}],"collection":[{"href":"https:\/\/lamaisonducinema.com\/en\/wp-json\/wp\/v2\/movie"}],"about":[{"href":"https:\/\/lamaisonducinema.com\/en\/wp-json\/wp\/v2\/types\/movie"}],"replies":[{"embeddable":true,"href":"https:\/\/lamaisonducinema.com\/en\/wp-json\/wp\/v2\/comments?post=13295"}],"wp:featuredmedia":[{"embeddable":true,"href":"https:\/\/lamaisonducinema.com\/en\/wp-json\/wp\/v2\/media\/13041"}],"wp:attachment":[{"href":"https:\/\/lamaisonducinema.com\/en\/wp-json\/wp\/v2\/media?parent=13295"}],"wp:term":[{"taxonomy":"actor","embeddable":true,"href":"https:\/\/lamaisonducinema.com\/en\/wp-json\/wp\/v2\/actor?post=13295"}],"curies":[{"name":"wp","href":"https:\/\/api.w.org\/{rel}","templated":true}]}}